{"id":652,"date":"2024-06-13T16:14:00","date_gmt":"2024-06-13T14:14:00","guid":{"rendered":"https:\/\/therapiepraxis-kompass.de\/?page_id=652"},"modified":"2025-04-15T21:57:52","modified_gmt":"2025-04-15T19:57:52","slug":"kontakt","status":"publish","type":"page","link":"https:\/\/therapiepraxis-kompass.de\/?page_id=652","title":{"rendered":"Ihre Nachricht an uns"},"content":{"rendered":"\n<p>Bitte beachten Sie bei Terminabsagen, dass wir Ihnen, bei zu kurzfristigen Absagen, den ausgefallenen Termin gegebenenfalls, <strong>unabh\u00e4ngig vom Grund der Absage<\/strong>, privat in Rechnung stellen m\u00fcssen!<\/p>\n\n\n\n<div id=\"wp-block-themeisle-blocks-form-7ddaed5a\" class=\"wp-block-themeisle-blocks-form\" data-option-name=\"bf9b28ff82ce323187abc5d0feb0d8f07ecd8436_7ddaed5a\"><form class=\"otter-form__container\">\n<div id=\"wp-block-themeisle-blocks-form-input-bf44d8ae\" class=\"wp-block-themeisle-blocks-form-input\"><label for=\"wp-block-themeisle-blocks-form-input-bf44d8ae-input\" class=\"otter-form-input-label\"><span class=\"otter-form-input-label__label\">Name<\/span><span class=\"required\">*<\/span><\/label><input type=\"text\" id=\"wp-block-themeisle-blocks-form-input-bf44d8ae-input\" required class=\"otter-form-input\"\/><\/div>\n\n\n\n<div id=\"wp-block-themeisle-blocks-form-input-91842020\" class=\"wp-block-themeisle-blocks-form-input\"><label for=\"wp-block-themeisle-blocks-form-input-91842020-input\" class=\"otter-form-input-label\"><span class=\"otter-form-input-label__label\">Email<\/span><span class=\"required\">*<\/span><\/label><input type=\"email\" id=\"wp-block-themeisle-blocks-form-input-91842020-input\" required class=\"otter-form-input\"\/><\/div>\n\n\n<div class=\"protection\" aria-hidden=\"true\"><input type=\"hidden\" id=\"wp-block-themeisle-blocks-form-7ddaed5a_nonce_field\" name=\"wp-block-themeisle-blocks-form-7ddaed5a_nonce_field\" value=\"488a919716\" \/><input type=\"hidden\" name=\"_wp_http_referer\" value=\"\/index.php?rest_route=%2Fwp%2Fv2%2Fpages%2F652\" \/><input class=\"o-anti-bot\" type=\"checkbox\"><\/div>\n\n\n<div id=\"wp-block-themeisle-blocks-form-textarea-864c9eba\" class=\"wp-block-themeisle-blocks-form-textarea\"><label for=\"wp-block-themeisle-blocks-form-textarea-864c9eba-input\" class=\"otter-form-textarea-label\"><span class=\"otter-form-textarea-label__label\">Ihre Nachricht<\/span><\/label><textarea id=\"wp-block-themeisle-blocks-form-textarea-864c9eba-input\" rows=\"10\" class=\"otter-form-textarea-input\"><\/textarea><\/div>\n\n\n\n<p class=\"has-extra-small-font-size\">Mit der \u00dcbermittlung Ihrer Nachricht \u00fcber dieses Formular erkl\u00e4ren Sie sich damit einverstanden, dass wir Sie \u00fcber Ihre Emailadresse kontaktieren d\u00fcrfen und das wir diese Emailadresse gegebenenfalls speichern k\u00f6nnen.<\/p>\n<div class=\"wp-block-button\"><button class=\"wp-block-button__link\" type=\"submit\">Absenden<\/button><\/div><\/form><\/div>\n\n\n\n<div style=\"height:60px\" aria-hidden=\"true\" class=\"wp-block-spacer\"><\/div>\n\n\n<p style=\"text-align: center;\"><strong>Selbstverst\u00e4ndlich k\u00f6nnen Sie uns auch telefonisch oder per <a href=\"https:\/\/wa.me\/4961179065678\">Whatsapp<\/a> unter: \u00a0 <\/strong><a href=\"tel:+4961179065678\">0611 79065678<\/a><strong> erreichen.<\/strong><\/p>\n\n\n<div style=\"height:100px\" aria-hidden=\"true\" class=\"wp-block-spacer\"><\/div>\n\n\n\n<div id=\"wp-block-themeisle-blocks-advanced-columns-f1f47e88\" class=\"wp-block-themeisle-blocks-advanced-columns has-4-columns has-desktop-equal-layout has-tablet-equal-layout has-mobile-collapsedRows-layout has-vertical-unset\"><div class=\"wp-block-themeisle-blocks-advanced-columns-overlay\"><\/div><div class=\"innerblocks-wrap\">\n<div id=\"wp-block-themeisle-blocks-advanced-column-a07cd50a\" class=\"wp-block-themeisle-blocks-advanced-column\"><div class=\"wp-block-image\">\n<figure class=\"aligncenter size-full is-resized\"><a href=\"https:\/\/wa.me\/4961179065678\"><img loading=\"lazy\" decoding=\"async\" width=\"48\" height=\"48\" src=\"https:\/\/therapiepraxis-kompass.de\/wp-content\/uploads\/2024\/06\/icons8-whatsapp-48.png\" alt=\"\" class=\"wp-image-667\" style=\"width:78px;height:auto\"\/><\/a><\/figure>\n<\/div><\/div>\n\n\n\n<div id=\"wp-block-themeisle-blocks-advanced-column-36fd9fed\" class=\"wp-block-themeisle-blocks-advanced-column\"><div class=\"wp-block-image\">\n<figure class=\"aligncenter size-full is-resized\"><a href=\"https:\/\/www.instagram.com\/therapiepraxiskompass\/\"><img loading=\"lazy\" decoding=\"async\" width=\"48\" height=\"48\" src=\"https:\/\/therapiepraxis-kompass.de\/wp-content\/uploads\/2024\/06\/icons8-instagram-48.png\" alt=\"\" class=\"wp-image-666\" style=\"width:75px;height:auto\"\/><\/a><\/figure>\n<\/div><\/div>\n\n\n\n<div id=\"wp-block-themeisle-blocks-advanced-column-879c8cd9\" class=\"wp-block-themeisle-blocks-advanced-column\"><div class=\"wp-block-image\">\n<figure class=\"aligncenter size-full is-resized\"><a href=\"https:\/\/www.facebook.com\/p\/Therapiepraxis-Kompass-100066962254860\/?locale=de_DE\"><img loading=\"lazy\" decoding=\"async\" width=\"48\" height=\"48\" src=\"https:\/\/therapiepraxis-kompass.de\/wp-content\/uploads\/2024\/06\/icons8-facebook-48.png\" alt=\"\" class=\"wp-image-665\" style=\"width:68px;height:auto\"\/><\/a><\/figure>\n<\/div><\/div>\n\n\n\n<div id=\"wp-block-themeisle-blocks-advanced-column-e9e0a325\" class=\"wp-block-themeisle-blocks-advanced-column\"><div class=\"wp-block-image\">\n<figure class=\"aligncenter size-full is-resized\"><a href=\"https:\/\/reviewforest.org\/praxis-kompass?_gl=1*31el7e*_gcl_au*ODc0Nzk4OTQ3LjE3MTc1ODExNzc.\"><img loading=\"lazy\" decoding=\"async\" width=\"264\" height=\"299\" src=\"https:\/\/therapiepraxis-kompass.de\/wp-content\/uploads\/2024\/06\/icon-reviewforest.png\" alt=\"\" class=\"wp-image-690\" style=\"width:57px;height:auto\"\/><\/a><\/figure>\n<\/div><\/div>\n<\/div><\/div>\n\n\n\n<div style=\"height:100px\" aria-hidden=\"true\" class=\"wp-block-spacer\"><\/div>\n","protected":false},"excerpt":{"rendered":"<p>Bitte beachten Sie bei Terminabsagen, dass wir Ihnen, bei zu kurzfristigen Absagen, den ausgefallenen Termin gegebenenfalls, unabh\u00e4ngig vom Grund der Absage, privat in Rechnung stellen m\u00fcssen! Selbstverst\u00e4ndlich k\u00f6nnen Sie uns&hellip;&nbsp;<a href=\"https:\/\/therapiepraxis-kompass.de\/?page_id=652\" rel=\"bookmark\">Weiterlesen &raquo;<span class=\"screen-reader-text\">Ihre Nachricht an uns<\/span><\/a><\/p>\n","protected":false},"author":1,"featured_media":0,"parent":0,"menu_order":0,"comment_status":"closed","ping_status":"closed","template":"","meta":{"om_disable_all_campaigns":false,"_monsterinsights_skip_tracking":false,"_monsterinsights_sitenote_active":false,"_monsterinsights_sitenote_note":"","_monsterinsights_sitenote_category":0,"neve_meta_sidebar":"","neve_meta_container":"","neve_meta_enable_content_width":"","neve_meta_content_width":0,"neve_meta_title_alignment":"","neve_meta_author_avatar":"","neve_post_elements_order":"","neve_meta_disable_header":"","neve_meta_disable_footer":"","neve_meta_disable_title":"","_themeisle_gutenberg_block_has_review":false,"footnotes":""},"class_list":["post-652","page","type-page","status-publish","hentry"],"aioseo_notices":[],"_links":{"self":[{"href":"https:\/\/therapiepraxis-kompass.de\/index.php?rest_route=\/wp\/v2\/pages\/652","targetHints":{"allow":["GET"]}}],"collection":[{"href":"https:\/\/therapiepraxis-kompass.de\/index.php?rest_route=\/wp\/v2\/pages"}],"about":[{"href":"https:\/\/therapiepraxis-kompass.de\/index.php?rest_route=\/wp\/v2\/types\/page"}],"author":[{"embeddable":true,"href":"https:\/\/therapiepraxis-kompass.de\/index.php?rest_route=\/wp\/v2\/users\/1"}],"replies":[{"embeddable":true,"href":"https:\/\/therapiepraxis-kompass.de\/index.php?rest_route=%2Fwp%2Fv2%2Fcomments&post=652"}],"version-history":[{"count":9,"href":"https:\/\/therapiepraxis-kompass.de\/index.php?rest_route=\/wp\/v2\/pages\/652\/revisions"}],"predecessor-version":[{"id":823,"href":"https:\/\/therapiepraxis-kompass.de\/index.php?rest_route=\/wp\/v2\/pages\/652\/revisions\/823"}],"wp:attachment":[{"href":"https:\/\/therapiepraxis-kompass.de\/index.php?rest_route=%2Fwp%2Fv2%2Fmedia&parent=652"}],"curies":[{"name":"wp","href":"https:\/\/api.w.org\/{rel}","templated":true}]}}